{"id":13083,"date":"2023-06-24T21:39:35","date_gmt":"2023-06-24T20:39:35","guid":{"rendered":"https:\/\/site.aeag.pt\/portal\/?page_id=13083"},"modified":"2025-04-11T21:54:52","modified_gmt":"2025-04-11T20:54:52","slug":"cursos-profissionais","status":"publish","type":"page","link":"https:\/\/aeag.pt\/portal\/cursos-profissionais\/","title":{"rendered":"Cursos Profissionais"},"content":{"rendered":"\t\t<div data-elementor-type=\"wp-page\" data-elementor-id=\"13083\" class=\"elementor elementor-13083\">\n\t\t\t\t\t\t<section class=\"elementor-section elementor-top-section elementor-element elementor-element-d2445fb elementor-section-boxed elementor-section-height-default elementor-section-height-default\" data-id=\"d2445fb\" data-element_type=\"section\" data-e-type=\"section\">\n\t\t\t\t\t\t<div class=\"elementor-container elementor-column-gap-default\">\n\t\t\t\t\t<div class=\"elementor-column elementor-col-100 elementor-top-column elementor-element elementor-element-ea73ae5\" data-id=\"ea73ae5\" data-element_type=\"column\" data-e-type=\"column\">\n\t\t\t<div class=\"elementor-widget-wrap elementor-element-populated\">\n\t\t\t\t\t\t<div class=\"elementor-element elementor-element-50b4f27 elementor-widget elementor-widget-thim-ekits-header-info\" data-id=\"50b4f27\" data-element_type=\"widget\" data-e-type=\"widget\" data-widget_type=\"thim-ekits-header-info.default\">\n\t\t\t\t<div class=\"elementor-widget-container\">\n\t\t\t\t\t\t\t<div class=\"header-info-swapper\">\n\t\t\t<ul class=\"thim-header-info\">\n\t\t\t\t\t\t\t\t\t\t<li>\n\t\t\t\t\t\t\t\t\t\t\t\t\t\t\t\n\t\t\t\t\t\t\t\tOferta Formativa\n\t\t\t\t\t\t\t\t\t\t\t\t\t\t<\/li>\n\t\t\t\t\t\t\t\t\t<\/ul>\n\t\t<\/div>\n\t\t\t\t\t\t<\/div>\n\t\t\t\t<\/div>\n\t\t\t\t<div class=\"elementor-element elementor-element-3713651 elementor-widget elementor-widget-thim-ekits-header-info\" data-id=\"3713651\" data-element_type=\"widget\" data-e-type=\"widget\" data-widget_type=\"thim-ekits-header-info.default\">\n\t\t\t\t<div class=\"elementor-widget-container\">\n\t\t\t\t\t\t\t<div class=\"header-info-swapper\">\n\t\t\t<ul class=\"thim-header-info\">\n\t\t\t\t\t\t\t\t\t\t<li>\n\t\t\t\t\t\t\t\t\t\t\t\t\t\t\t\n\t\t\t\t\t\t\t\t\u00a0\u00a0\u00a0\u00a0\u00a0Os Cursos Profissionais s\u00e3o um percurso de ensino secund\u00e1rio com dupla certifica\u00e7\u00e3o, ou seja, em que se desenvolvem compet\u00eancias necess\u00e1rias ao exerc\u00edcio de uma atividade profissional e simultaneamente se obt\u00e9m o n\u00edvel secund\u00e1rio de educa\u00e7\u00e3o.  Estes cursos preparam os jovens para uma mais f\u00e1cil e qualificada inser\u00e7\u00e3o no mercado de trabalho e permitem a realiza\u00e7\u00e3o de estudos ao n\u00edvel p\u00f3s-secund\u00e1rio e ensino superior. \n\t\t\t\t\t\t\t\t\t\t\t\t\t\t<\/li>\n\t\t\t\t\t\t\t\t\t<\/ul>\n\t\t<\/div>\n\t\t\t\t\t\t<\/div>\n\t\t\t\t<\/div>\n\t\t\t\t<div class=\"elementor-element elementor-element-1b41c8d elementor-mobile-align-left elementor-widget elementor-widget-button\" data-id=\"1b41c8d\" data-element_type=\"widget\" data-e-type=\"widget\" data-widget_type=\"button.default\">\n\t\t\t\t<div class=\"elementor-widget-container\">\n\t\t\t\t\t\t\t\t\t<div class=\"elementor-button-wrapper\">\n\t\t\t\t\t<a class=\"elementor-button elementor-button-link elementor-size-sm\" href=\"https:\/\/aeag.pt\/portal\/documentos\/alunos\/Desdobravel_geral_profissionais.pdf\">\n\t\t\t\t\t\t<span class=\"elementor-button-content-wrapper\">\n\t\t\t\t\t\t<span class=\"elementor-button-icon\">\n\t\t\t\t<svg aria-hidden=\"true\" class=\"e-font-icon-svg e-fas-book\" viewBox=\"0 0 448 512\" xmlns=\"http:\/\/www.w3.org\/2000\/svg\"><path d=\"M448 360V24c0-13.3-10.7-24-24-24H96C43 0 0 43 0 96v320c0 53 43 96 96 96h328c13.3 0 24-10.7 24-24v-16c0-7.5-3.5-14.3-8.9-18.7-4.2-15.4-4.2-59.3 0-74.7 5.4-4.3 8.9-11.1 8.9-18.6zM128 134c0-3.3 2.7-6 6-6h212c3.3 0 6 2.7 6 6v20c0 3.3-2.7 6-6 6H134c-3.3 0-6-2.7-6-6v-20zm0 64c0-3.3 2.7-6 6-6h212c3.3 0 6 2.7 6 6v20c0 3.3-2.7 6-6 6H134c-3.3 0-6-2.7-6-6v-20zm253.4 250H96c-17.7 0-32-14.3-32-32 0-17.6 14.4-32 32-32h285.4c-1.9 17.1-1.9 46.9 0 64z\"><\/path><\/svg>\t\t\t<\/span>\n\t\t\t\t\t\t\t\t\t<span class=\"elementor-button-text\">Encontra aqui o <b>Desdobr\u00e1vel da Oferta Formativa dos Cursos Profissionais<\/b>.<\/span>\n\t\t\t\t\t<\/span>\n\t\t\t\t\t<\/a>\n\t\t\t\t<\/div>\n\t\t\t\t\t\t\t\t<\/div>\n\t\t\t\t<\/div>\n\t\t<div class=\"elementor-element elementor-element-7123bd2 e-con-full e-flex e-con e-parent\" data-id=\"7123bd2\" data-element_type=\"container\" data-e-type=\"container\">\n\t\t\t\t<div class=\"elementor-element elementor-element-bd5e153 elementor-widget__width-initial elementor-widget-tablet__width-initial elementor-widget elementor-widget-thim-single-images\" data-id=\"bd5e153\" data-element_type=\"widget\" data-e-type=\"widget\" data-widget_type=\"thim-single-images.default\">\n\t\t\t\t<div class=\"elementor-widget-container\">\n\t\t\t\t\t<div class=\"single-image template-base\"><img fetchpriority=\"high\" decoding=\"async\" width=\"3500\" height=\"598\" src=\"https:\/\/aeag.pt\/portal\/wp-content\/uploads\/2023\/03\/Barra-de-Cofinanciamento-selo.png\" class=\"attachment-full size-full\" alt=\"Barra de Cofinanciamento + selo\" srcset=\"https:\/\/aeag.pt\/portal\/wp-content\/uploads\/2023\/03\/Barra-de-Cofinanciamento-selo.png 3500w, https:\/\/aeag.pt\/portal\/wp-content\/uploads\/2023\/03\/Barra-de-Cofinanciamento-selo-300x51.png 300w, https:\/\/aeag.pt\/portal\/wp-content\/uploads\/2023\/03\/Barra-de-Cofinanciamento-selo-1024x175.png 1024w, https:\/\/aeag.pt\/portal\/wp-content\/uploads\/2023\/03\/Barra-de-Cofinanciamento-selo-768x131.png 768w, https:\/\/aeag.pt\/portal\/wp-content\/uploads\/2023\/03\/Barra-de-Cofinanciamento-selo-1536x262.png 1536w, https:\/\/aeag.pt\/portal\/wp-content\/uploads\/2023\/03\/Barra-de-Cofinanciamento-selo-2048x350.png 2048w, https:\/\/aeag.pt\/portal\/wp-content\/uploads\/2023\/03\/Barra-de-Cofinanciamento-selo-600x103.png 600w, https:\/\/aeag.pt\/portal\/wp-content\/uploads\/2023\/03\/Barra-de-Cofinanciamento-selo-527x90.png 527w\" sizes=\"(max-width: 3500px) 100vw, 3500px\" \/><\/div>\t\t\t\t<\/div>\n\t\t\t\t<\/div>\n\t\t<div class=\"elementor-element elementor-element-86c1818 e-flex e-con-boxed e-con e-child\" data-id=\"86c1818\" data-element_type=\"container\" data-e-type=\"container\">\n\t\t\t\t\t<div class=\"e-con-inner\">\n\t\t\t\t<div class=\"elementor-element elementor-element-3ce6b4e elementor-mobile-align-left elementor-tablet-align-center elementor-widget-tablet__width-auto elementor-widget elementor-widget-button\" data-id=\"3ce6b4e\" data-element_type=\"widget\" data-e-type=\"widget\" data-widget_type=\"button.default\">\n\t\t\t\t<div class=\"elementor-widget-container\">\n\t\t\t\t\t\t\t\t\t<div class=\"elementor-button-wrapper\">\n\t\t\t\t\t<a class=\"elementor-button elementor-button-link elementor-size-sm\" href=\"https:\/\/aeag.pt\/portal\/documentos\/alunos\/CP-2023-24-Ficha-Operacao.pdf\" target=\"_blank\">\n\t\t\t\t\t\t<span class=\"elementor-button-content-wrapper\">\n\t\t\t\t\t\t<span class=\"elementor-button-icon\">\n\t\t\t\t<svg aria-hidden=\"true\" class=\"e-font-icon-svg e-fas-book\" viewBox=\"0 0 448 512\" xmlns=\"http:\/\/www.w3.org\/2000\/svg\"><path d=\"M448 360V24c0-13.3-10.7-24-24-24H96C43 0 0 43 0 96v320c0 53 43 96 96 96h328c13.3 0 24-10.7 24-24v-16c0-7.5-3.5-14.3-8.9-18.7-4.2-15.4-4.2-59.3 0-74.7 5.4-4.3 8.9-11.1 8.9-18.6zM128 134c0-3.3 2.7-6 6-6h212c3.3 0 6 2.7 6 6v20c0 3.3-2.7 6-6 6H134c-3.3 0-6-2.7-6-6v-20zm0 64c0-3.3 2.7-6 6-6h212c3.3 0 6 2.7 6 6v20c0 3.3-2.7 6-6 6H134c-3.3 0-6-2.7-6-6v-20zm253.4 250H96c-17.7 0-32-14.3-32-32 0-17.6 14.4-32 32-32h285.4c-1.9 17.1-1.9 46.9 0 64z\"><\/path><\/svg>\t\t\t<\/span>\n\t\t\t\t\t\t\t\t\t<span class=\"elementor-button-text\">CP-Ficha Opera\u00e7\u00e3o 2023-2024<\/span>\n\t\t\t\t\t<\/span>\n\t\t\t\t\t<\/a>\n\t\t\t\t<\/div>\n\t\t\t\t\t\t\t\t<\/div>\n\t\t\t\t<\/div>\n\t\t\t\t<div class=\"elementor-element elementor-element-99ec170 elementor-mobile-align-left elementor-tablet-align-center elementor-widget elementor-widget-button\" data-id=\"99ec170\" data-element_type=\"widget\" data-e-type=\"widget\" data-widget_type=\"button.default\">\n\t\t\t\t<div class=\"elementor-widget-container\">\n\t\t\t\t\t\t\t\t\t<div class=\"elementor-button-wrapper\">\n\t\t\t\t\t<a class=\"elementor-button elementor-button-link elementor-size-sm\" href=\"https:\/\/aeag.pt\/portal\/documentos\/alunos\/CP-2024-25-Ficha-Operacao.pdf\" target=\"_blank\">\n\t\t\t\t\t\t<span class=\"elementor-button-content-wrapper\">\n\t\t\t\t\t\t<span class=\"elementor-button-icon\">\n\t\t\t\t<svg aria-hidden=\"true\" class=\"e-font-icon-svg e-fas-book\" viewBox=\"0 0 448 512\" xmlns=\"http:\/\/www.w3.org\/2000\/svg\"><path d=\"M448 360V24c0-13.3-10.7-24-24-24H96C43 0 0 43 0 96v320c0 53 43 96 96 96h328c13.3 0 24-10.7 24-24v-16c0-7.5-3.5-14.3-8.9-18.7-4.2-15.4-4.2-59.3 0-74.7 5.4-4.3 8.9-11.1 8.9-18.6zM128 134c0-3.3 2.7-6 6-6h212c3.3 0 6 2.7 6 6v20c0 3.3-2.7 6-6 6H134c-3.3 0-6-2.7-6-6v-20zm0 64c0-3.3 2.7-6 6-6h212c3.3 0 6 2.7 6 6v20c0 3.3-2.7 6-6 6H134c-3.3 0-6-2.7-6-6v-20zm253.4 250H96c-17.7 0-32-14.3-32-32 0-17.6 14.4-32 32-32h285.4c-1.9 17.1-1.9 46.9 0 64z\"><\/path><\/svg>\t\t\t<\/span>\n\t\t\t\t\t\t\t\t\t<span class=\"elementor-button-text\">CP-Ficha Opera\u00e7\u00e3o 2024-2025<\/span>\n\t\t\t\t\t<\/span>\n\t\t\t\t\t<\/a>\n\t\t\t\t<\/div>\n\t\t\t\t\t\t\t\t<\/div>\n\t\t\t\t<\/div>\n\t\t\t\t\t<\/div>\n\t\t\t\t<\/div>\n\t\t\t\t<\/div>\n\t\t\t\t<div class=\"elementor-element elementor-element-a622038 thim-ekits-avatar-position-top elementor-widget elementor-widget-thim-ekits-list-course\" data-id=\"a622038\" data-element_type=\"widget\" data-e-type=\"widget\" data-settings=\"{&quot;column_gap&quot;:{&quot;unit&quot;:&quot;px&quot;,&quot;size&quot;:30,&quot;sizes&quot;:[]},&quot;column_gap_tablet&quot;:{&quot;unit&quot;:&quot;px&quot;,&quot;size&quot;:&quot;&quot;,&quot;sizes&quot;:[]},&quot;column_gap_mobile&quot;:{&quot;unit&quot;:&quot;px&quot;,&quot;size&quot;:&quot;&quot;,&quot;sizes&quot;:[]}}\" data-widget_type=\"thim-ekits-list-course.default\">\n\t\t\t\t<div class=\"elementor-widget-container\">\n\t\t\t\t\t\t\t\t\t<div class=\"thim-ekits-course learn-press-courses\" data-layout=\"grid\">\n\t\t\t\t\t<div class=\"thim-ekits-course__inner\">\n\t\t\t\t\t\t\t\t<div class=\"thim-ekits-course__item post-5393 lp_course type-lp_course status-publish has-post-thumbnail hentry course_category-cursos-profissionais course\">\n\t\t\t\n\t\t\t\t\t\t<div class=\"thim-ekits-course__thumbnail\">\n\t\t\t<a href=\"https:\/\/aeag.pt\/portal\/courses\/tecnico-auxiliar-de-saude\/\" \t\t\t   class=\"course-thumbnail\">\n\t\t\t\t<img decoding=\"async\" width=\"300\" height=\"151\" src=\"https:\/\/aeag.pt\/portal\/wp-content\/uploads\/2023\/06\/LOGO_SAUDE-e1752083185630-300x151.png\" class=\"attachment-medium size-medium wp-image-21393\" alt=\"Sigla T\u00e9cnico Auxiliar de Sa\u00fade\" srcset=\"https:\/\/aeag.pt\/portal\/wp-content\/uploads\/2023\/06\/LOGO_SAUDE-e1752083185630-300x151.png 300w, https:\/\/aeag.pt\/portal\/wp-content\/uploads\/2023\/06\/LOGO_SAUDE-e1752083185630-768x387.png 768w, https:\/\/aeag.pt\/portal\/wp-content\/uploads\/2023\/06\/LOGO_SAUDE-e1752083185630-600x303.png 600w, https:\/\/aeag.pt\/portal\/wp-content\/uploads\/2023\/06\/LOGO_SAUDE-e1752083185630.png 880w\" sizes=\"(max-width: 300px) 100vw, 300px\" \/>\t\t\t<\/a>\n\t\t\t\t\t<a class=\"thim-ekits-course__read-more\"\n\t\t   href=\"https:\/\/aeag.pt\/portal\/courses\/tecnico-auxiliar-de-saude\/\" >\n\t\t\tLer Mais\t\t<\/a>\n\t\t\t\t<\/div>\n\t\t\n\t\t\t\t\t\t<div class=\"thim-ekits-course__content\">\n\t\t\t\t<h3 class=\"thim-ekits-course__title\">\n\t\t<a href=\"https:\/\/aeag.pt\/portal\/courses\/tecnico-auxiliar-de-saude\/\" ><span class='course-title'>T\u00e9cnico Auxiliar de Sa\u00fade<\/span><\/a>\t\t<\/h3>\n\t\t\t\t<div class=\"thim-ekits-course__excerpt\">\n\t\t\tO T\u00e9cnico Auxiliar de Sa\u00fade \u00e9 fundamental na presta\u00e7\u00e3o de cuidados aos utentes, realizando tarefas como coleta de amostras biol\u00f3gicas, limpeza e transporte de materiais,...\t\t<\/div>\n\t\t\t\t<a class=\"thim-ekits-course__read-more\"\n\t\t   href=\"https:\/\/aeag.pt\/portal\/courses\/tecnico-auxiliar-de-saude\/\" >\n\t\t\tLer Mais\t\t<\/a>\n\t\t\t\t<\/div>\n\t\t\n\t\t\t\n\t\t<\/div>\n\t\t\t\t<div class=\"thim-ekits-course__item post-13060 lp_course type-lp_course status-publish has-post-thumbnail hentry course_category-cursos-profissionais course\">\n\t\t\t\n\t\t\t\t\t\t<div class=\"thim-ekits-course__thumbnail\">\n\t\t\t<a href=\"https:\/\/aeag.pt\/portal\/courses\/tecnico-de-audiovisuais\/\" \t\t\t   class=\"course-thumbnail\">\n\t\t\t\t<img decoding=\"async\" width=\"300\" height=\"170\" src=\"https:\/\/aeag.pt\/portal\/wp-content\/uploads\/2023\/06\/LOGO_TAV-300x170.png\" class=\"attachment-medium size-medium wp-image-21398\" alt=\"Sigla Curso T\u00e9cnico de Audiovisuais\" srcset=\"https:\/\/aeag.pt\/portal\/wp-content\/uploads\/2023\/06\/LOGO_TAV-300x170.png 300w, https:\/\/aeag.pt\/portal\/wp-content\/uploads\/2023\/06\/LOGO_TAV-768x435.png 768w, https:\/\/aeag.pt\/portal\/wp-content\/uploads\/2023\/06\/LOGO_TAV-600x340.png 600w, https:\/\/aeag.pt\/portal\/wp-content\/uploads\/2023\/06\/LOGO_TAV.png 873w\" sizes=\"(max-width: 300px) 100vw, 300px\" \/>\t\t\t<\/a>\n\t\t\t\t\t<a class=\"thim-ekits-course__read-more\"\n\t\t   href=\"https:\/\/aeag.pt\/portal\/courses\/tecnico-de-audiovisuais\/\" >\n\t\t\tLer Mais\t\t<\/a>\n\t\t\t\t<\/div>\n\t\t\n\t\t\t\t\t\t<div class=\"thim-ekits-course__content\">\n\t\t\t\t<h3 class=\"thim-ekits-course__title\">\n\t\t<a href=\"https:\/\/aeag.pt\/portal\/courses\/tecnico-de-audiovisuais\/\" ><span class='course-title'>T\u00e9cnico de Audiovisuais<\/span><\/a>\t\t<\/h3>\n\t\t\t\t<div class=\"thim-ekits-course__excerpt\">\n\t\t\tConceber conte\u00fados audiovisuais para televis\u00e3o e cinema, utilizando e dominando as principais tecnologias, linguagens e procedimentos em produ\u00e7\u00e3o audiovisual, acompanhando a evolu\u00e7\u00e3o constante da \u00e1rea...\t\t<\/div>\n\t\t\t\t<a class=\"thim-ekits-course__read-more\"\n\t\t   href=\"https:\/\/aeag.pt\/portal\/courses\/tecnico-de-audiovisuais\/\" >\n\t\t\tLer Mais\t\t<\/a>\n\t\t\t\t<\/div>\n\t\t\n\t\t\t\n\t\t<\/div>\n\t\t\t\t<div class=\"thim-ekits-course__item post-5345 lp_course type-lp_course status-publish has-post-thumbnail hentry course_category-cursos-profissionais course\">\n\t\t\t\n\t\t\t\t\t\t<div class=\"thim-ekits-course__thumbnail\">\n\t\t\t<a href=\"https:\/\/aeag.pt\/portal\/courses\/tecnico-de-gestao-de-equipamentos-informaticos\/\" \t\t\t   class=\"course-thumbnail\">\n\t\t\t\t<img loading=\"lazy\" decoding=\"async\" width=\"300\" height=\"154\" src=\"https:\/\/aeag.pt\/portal\/wp-content\/uploads\/2022\/09\/LOGO_TGEI-e1752083323867-300x154.png\" class=\"attachment-medium size-medium wp-image-21394\" alt=\"Sigla T\u00e9cnico de Gest\u00e3o de Equipamentos Inform\u00e1ticos\" srcset=\"https:\/\/aeag.pt\/portal\/wp-content\/uploads\/2022\/09\/LOGO_TGEI-e1752083323867-300x154.png 300w, https:\/\/aeag.pt\/portal\/wp-content\/uploads\/2022\/09\/LOGO_TGEI-e1752083323867-768x394.png 768w, https:\/\/aeag.pt\/portal\/wp-content\/uploads\/2022\/09\/LOGO_TGEI-e1752083323867-600x308.png 600w, https:\/\/aeag.pt\/portal\/wp-content\/uploads\/2022\/09\/LOGO_TGEI-e1752083323867.png 880w\" sizes=\"(max-width: 300px) 100vw, 300px\" \/>\t\t\t<\/a>\n\t\t\t\t\t<a class=\"thim-ekits-course__read-more\"\n\t\t   href=\"https:\/\/aeag.pt\/portal\/courses\/tecnico-de-gestao-de-equipamentos-informaticos\/\" >\n\t\t\tLer Mais\t\t<\/a>\n\t\t\t\t<\/div>\n\t\t\n\t\t\t\t\t\t<div class=\"thim-ekits-course__content\">\n\t\t\t\t<h3 class=\"thim-ekits-course__title\">\n\t\t<a href=\"https:\/\/aeag.pt\/portal\/courses\/tecnico-de-gestao-de-equipamentos-informaticos\/\" ><span class='course-title'>T\u00e9cnico de Gest\u00e3o de Equipamentos Inform\u00e1ticos<\/span><\/a>\t\t<\/h3>\n\t\t\t\t<div class=\"thim-ekits-course__excerpt\">\n\t\t\tO T\u00e9cnico de Gest\u00e3o de Equipamentos Inform\u00e1ticos \u00e9 habilitado para fazer desde o diagn\u00f3stico, manuten\u00e7\u00e3o e\/ou repara\u00e7\u00e3o de equipamentos inform\u00e1ticos, \u00e0 instala\u00e7\u00e3o e configura\u00e7\u00e3o de...\t\t<\/div>\n\t\t\t\t<a class=\"thim-ekits-course__read-more\"\n\t\t   href=\"https:\/\/aeag.pt\/portal\/courses\/tecnico-de-gestao-de-equipamentos-informaticos\/\" >\n\t\t\tLer Mais\t\t<\/a>\n\t\t\t\t<\/div>\n\t\t\n\t\t\t\n\t\t<\/div>\n\t\t\t\t<div class=\"thim-ekits-course__item post-5319 lp_course type-lp_course status-publish has-post-thumbnail hentry course_category-cursos-profissionais course\">\n\t\t\t\n\t\t\t\t\t\t<div class=\"thim-ekits-course__thumbnail\">\n\t\t\t<a href=\"https:\/\/aeag.pt\/portal\/courses\/tecnico-de-jardinagem-espacos-verdes\/\" \t\t\t   class=\"course-thumbnail\">\n\t\t\t\t<img loading=\"lazy\" decoding=\"async\" width=\"300\" height=\"156\" src=\"https:\/\/aeag.pt\/portal\/wp-content\/uploads\/2023\/06\/LOGO_TJEV-e1752083262496-300x156.png\" class=\"attachment-medium size-medium wp-image-21395\" alt=\"Sigla T\u00e9cnico de Jardinagem e Espa\u00e7os Verdes\" srcset=\"https:\/\/aeag.pt\/portal\/wp-content\/uploads\/2023\/06\/LOGO_TJEV-e1752083262496-300x156.png 300w, https:\/\/aeag.pt\/portal\/wp-content\/uploads\/2023\/06\/LOGO_TJEV-e1752083262496-768x400.png 768w, https:\/\/aeag.pt\/portal\/wp-content\/uploads\/2023\/06\/LOGO_TJEV-e1752083262496-600x312.png 600w, https:\/\/aeag.pt\/portal\/wp-content\/uploads\/2023\/06\/LOGO_TJEV-e1752083262496.png 880w\" sizes=\"(max-width: 300px) 100vw, 300px\" \/>\t\t\t<\/a>\n\t\t\t\t\t<a class=\"thim-ekits-course__read-more\"\n\t\t   href=\"https:\/\/aeag.pt\/portal\/courses\/tecnico-de-jardinagem-espacos-verdes\/\" >\n\t\t\tLer Mais\t\t<\/a>\n\t\t\t\t<\/div>\n\t\t\n\t\t\t\t\t\t<div class=\"thim-ekits-course__content\">\n\t\t\t\t<h3 class=\"thim-ekits-course__title\">\n\t\t<a href=\"https:\/\/aeag.pt\/portal\/courses\/tecnico-de-jardinagem-espacos-verdes\/\" ><span class='course-title'>T\u00e9cnico de Jardinagem e Espa\u00e7os Verdes<\/span><\/a>\t\t<\/h3>\n\t\t\t\t<div class=\"thim-ekits-course__excerpt\">\n\t\t\tO T\u00e9cnico de Jardinagem e Espa\u00e7os Verdes \u00e9 um profissional qualificado capaz de orientar, organizar e realizar atividades relacionadas \u00e0 instala\u00e7\u00e3o e manuten\u00e7\u00e3o de jardins...\t\t<\/div>\n\t\t\t\t<a class=\"thim-ekits-course__read-more\"\n\t\t   href=\"https:\/\/aeag.pt\/portal\/courses\/tecnico-de-jardinagem-espacos-verdes\/\" >\n\t\t\tLer Mais\t\t<\/a>\n\t\t\t\t<\/div>\n\t\t\n\t\t\t\n\t\t<\/div>\n\t\t\t\t\t\t\t<\/div>\n\t\t\t\t<\/div>\n\t\t\t\t\t\t\t\t<\/div>\n\t\t\t\t<\/div>\n\t\t\t\t\t<\/div>\n\t\t<\/div>\n\t\t\t\t\t<\/div>\n\t\t<\/section>\n\t\t\t\t<\/div>\n\t\t","protected":false},"excerpt":{"rendered":"<p>Oferta Formativa \u00a0\u00a0\u00a0\u00a0\u00a0Os Cursos Profissionais s\u00e3o um percurso de ensino secund\u00e1rio com dupla certifica\u00e7\u00e3o, ou seja, em que se desenvolvem compet\u00eancias necess\u00e1rias ao exerc\u00edcio de uma atividade profissional e simultaneamente se obt\u00e9m o n\u00edvel secund\u00e1rio de educa\u00e7\u00e3o. Estes cursos preparam os jovens para uma mais f\u00e1cil e qualificada inser\u00e7\u00e3o no &hellip; <\/p>\n","protected":false},"author":1,"featured_media":0,"parent":0,"menu_order":0,"comment_status":"closed","ping_status":"closed","template":"","meta":{"footnotes":""},"class_list":["post-13083","page","type-page","status-publish","hentry"],"_links":{"self":[{"href":"https:\/\/aeag.pt\/portal\/wp-json\/wp\/v2\/pages\/13083","targetHints":{"allow":["GET"]}}],"collection":[{"href":"https:\/\/aeag.pt\/portal\/wp-json\/wp\/v2\/pages"}],"about":[{"href":"https:\/\/aeag.pt\/portal\/wp-json\/wp\/v2\/types\/page"}],"author":[{"embeddable":true,"href":"https:\/\/aeag.pt\/portal\/wp-json\/wp\/v2\/users\/1"}],"replies":[{"embeddable":true,"href":"https:\/\/aeag.pt\/portal\/wp-json\/wp\/v2\/comments?post=13083"}],"version-history":[{"count":168,"href":"https:\/\/aeag.pt\/portal\/wp-json\/wp\/v2\/pages\/13083\/revisions"}],"predecessor-version":[{"id":28649,"href":"https:\/\/aeag.pt\/portal\/wp-json\/wp\/v2\/pages\/13083\/revisions\/28649"}],"wp:attachment":[{"href":"https:\/\/aeag.pt\/portal\/wp-json\/wp\/v2\/media?parent=13083"}],"curies":[{"name":"wp","href":"https:\/\/api.w.org\/{rel}","templated":true}]}}