{"id":11923,"date":"2023-05-18T11:58:55","date_gmt":"2023-05-18T10:58:55","guid":{"rendered":"https:\/\/site.aeag.pt\/portal\/?page_id=11923"},"modified":"2023-12-25T20:27:32","modified_gmt":"2023-12-25T19:27:32","slug":"servico-de-acao-social-escolar","status":"publish","type":"page","link":"https:\/\/aeag.pt\/portal\/servico-de-acao-social-escolar\/","title":{"rendered":"Servi\u00e7o de A\u00e7\u00e3o Social Escolar"},"content":{"rendered":"\t\t<div data-elementor-type=\"wp-page\" data-elementor-id=\"11923\" class=\"elementor elementor-11923\">\n\t\t\t\t\t\t<section class=\"elementor-section elementor-top-section elementor-element elementor-element-8740d27 elementor-section-content-top elementor-section-boxed elementor-section-height-default elementor-section-height-default\" data-id=\"8740d27\" data-element_type=\"section\" data-e-type=\"section\">\n\t\t\t\t\t\t<div class=\"elementor-container elementor-column-gap-custom\">\n\t\t\t\t\t<div class=\"elementor-column elementor-col-100 elementor-top-column elementor-element elementor-element-1ee69ac\" data-id=\"1ee69ac\" data-element_type=\"column\" data-e-type=\"column\">\n\t\t\t<div class=\"elementor-widget-wrap elementor-element-populated\">\n\t\t\t\t\t\t<div class=\"elementor-element elementor-element-3d9cdf4 elementor-widget thim-ekits-heading elementor-widget-thim-heading\" data-id=\"3d9cdf4\" data-element_type=\"widget\" data-e-type=\"widget\" data-widget_type=\"thim-heading.default\">\n\t\t\t\t<div class=\"elementor-widget-container\">\n\t\t\t\t\t<div class=\"sc_heading\"><h2 class=\"title\">Servi\u00e7os de A\u00e7\u00e3o Social Escolar <\/h2><div class=\"sub-heading\"><p>A A\u00e7\u00e3o Social Escolar (ASE) traduz-se num conjunto de medidas destinadas a garantir a igualdade de oportunidades de acesso e sucesso escolares a todos os alunos dos ensinos b\u00e1sico e secund\u00e1rio, e a promover medidas de apoio socioeducativo destinadas aos alunos de agregados familiares cuja situa\u00e7\u00e3o econ\u00f3mica determina a necessidade de comparticipa\u00e7\u00f5es financeiras.<\/p>\n<\/div><\/div>\t\t\t\t<\/div>\n\t\t\t\t<\/div>\n\t\t\t\t<div class=\"elementor-element elementor-element-3e7cb03 elementor-widget thim-ekits-heading elementor-widget-thim-heading\" data-id=\"3e7cb03\" data-element_type=\"widget\" data-e-type=\"widget\" data-widget_type=\"thim-heading.default\">\n\t\t\t\t<div class=\"elementor-widget-container\">\n\t\t\t\t\t<div class=\"sc_heading\"><h5 class=\"title\">Legisla\u00e7\u00e3o aplic\u00e1vel: <\/h5><div class=\"sub-heading\"><\/div><\/div>\t\t\t\t<\/div>\n\t\t\t\t<\/div>\n\t\t\t\t<div class=\"elementor-element elementor-element-6d5a64d elementor-widget elementor-widget-thim-ekits-header-info\" data-id=\"6d5a64d\" data-element_type=\"widget\" data-e-type=\"widget\" data-widget_type=\"thim-ekits-header-info.default\">\n\t\t\t\t<div class=\"elementor-widget-container\">\n\t\t\t\t\t\t\t<div class=\"header-info-swapper\">\n\t\t\t<ul class=\"thim-header-info\">\n\t\t\t\t\t\t\t\t\t\t<li>\n\t\t\t\t\t\t\t\t\t\t\t\t\t\t<a href=\"http:\/\/sitenovo.aeag.pt\/portal\/documentos\/SERVICOS\/p_413_99.pdf\" target=\"_blank\">\n\t\t\t\t\t\t\t\t\t\t\t\t\t\t\t\t\t\t\t\t\t\t\t\t\t<span>\n\t\t\t\t\t\t\t\t\t<svg aria-hidden=\"true\" class=\"e-font-icon-svg e-fas-print\" viewBox=\"0 0 512 512\" xmlns=\"http:\/\/www.w3.org\/2000\/svg\"><path d=\"M448 192V77.25c0-8.49-3.37-16.62-9.37-22.63L393.37 9.37c-6-6-14.14-9.37-22.63-9.37H96C78.33 0 64 14.33 64 32v160c-35.35 0-64 28.65-64 64v112c0 8.84 7.16 16 16 16h48v96c0 17.67 14.33 32 32 32h320c17.67 0 32-14.33 32-32v-96h48c8.84 0 16-7.16 16-16V256c0-35.35-28.65-64-64-64zm-64 256H128v-96h256v96zm0-224H128V64h192v48c0 8.84 7.16 16 16 16h48v96zm48 72c-13.25 0-24-10.75-24-24 0-13.26 10.75-24 24-24s24 10.74 24 24c0 13.25-10.75 24-24 24z\"><\/path><\/svg>\t\t\t\t\t\t\t\t<\/span>\n\t\t\t\t\t\t\t\t\n\t\t\t\t\t\t\t\tPortaria n\u00ba413\/1999, de 8 de junho - Regulamenta o seguro escolar\n\t\t\t\t\t\t\t\t\t\t\t\t\t\t\t<\/a>\n\t\t\t\t\t\t\t\t\t\t\t\t<\/li>\n\t\t\t\t\t\t\t\t\t<\/ul>\n\t\t<\/div>\n\t\t\t\t\t\t<\/div>\n\t\t\t\t<\/div>\n\t\t\t\t<div class=\"elementor-element elementor-element-2ff2efe elementor-widget elementor-widget-thim-ekits-header-info\" data-id=\"2ff2efe\" data-element_type=\"widget\" data-e-type=\"widget\" data-widget_type=\"thim-ekits-header-info.default\">\n\t\t\t\t<div class=\"elementor-widget-container\">\n\t\t\t\t\t\t\t<div class=\"header-info-swapper\">\n\t\t\t<ul class=\"thim-header-info\">\n\t\t\t\t\t\t\t\t\t\t<li>\n\t\t\t\t\t\t\t\t\t\t\t\t\t\t<a href=\"http:\/\/sitenovo.aeag.pt\/portal\/documentos\/SERVICOS\/dl_55_2009.pdf\" target=\"_blank\">\n\t\t\t\t\t\t\t\t\t\t\t\t\t\t\t\t\t\t\t\t\t\t\t\t\t<span>\n\t\t\t\t\t\t\t\t\t<svg aria-hidden=\"true\" class=\"e-font-icon-svg e-fas-print\" viewBox=\"0 0 512 512\" xmlns=\"http:\/\/www.w3.org\/2000\/svg\"><path d=\"M448 192V77.25c0-8.49-3.37-16.62-9.37-22.63L393.37 9.37c-6-6-14.14-9.37-22.63-9.37H96C78.33 0 64 14.33 64 32v160c-35.35 0-64 28.65-64 64v112c0 8.84 7.16 16 16 16h48v96c0 17.67 14.33 32 32 32h320c17.67 0 32-14.33 32-32v-96h48c8.84 0 16-7.16 16-16V256c0-35.35-28.65-64-64-64zm-64 256H128v-96h256v96zm0-224H128V64h192v48c0 8.84 7.16 16 16 16h48v96zm48 72c-13.25 0-24-10.75-24-24 0-13.26 10.75-24 24-24s24 10.74 24 24c0 13.25-10.75 24-24 24z\"><\/path><\/svg>\t\t\t\t\t\t\t\t<\/span>\n\t\t\t\t\t\t\t\t\n\t\t\t\t\t\t\t\tDecreto-Lei n.\u00ba 55\/2009, de 2 de Mar\u00e7o - Estabelece o regime jur\u00eddico aplic\u00e1vel \u00e0 atribui\u00e7\u00e3o e ao funcionamento dos apoios no \u00e2mbito da A\u00e7\u00e3o Social Escolar\n\t\t\t\t\t\t\t\t\t\t\t\t\t\t\t<\/a>\n\t\t\t\t\t\t\t\t\t\t\t\t<\/li>\n\t\t\t\t\t\t\t\t\t<\/ul>\n\t\t<\/div>\n\t\t\t\t\t\t<\/div>\n\t\t\t\t<\/div>\n\t\t\t\t<div class=\"elementor-element elementor-element-59dbbb9 elementor-widget elementor-widget-thim-ekits-header-info\" data-id=\"59dbbb9\" data-element_type=\"widget\" data-e-type=\"widget\" data-widget_type=\"thim-ekits-header-info.default\">\n\t\t\t\t<div class=\"elementor-widget-container\">\n\t\t\t\t\t\t\t<div class=\"header-info-swapper\">\n\t\t\t<ul class=\"thim-header-info\">\n\t\t\t\t\t\t\t\t\t\t<li>\n\t\t\t\t\t\t\t\t\t\t\t\t\t\t<a href=\"http:\/\/sitenovo.aeag.pt\/portal\/documentos\/SERVICOS\/Despacho_n8452-A_2015.pdf\" target=\"_blank\">\n\t\t\t\t\t\t\t\t\t\t\t\t\t\t\t\t\t\t\t\t\t\t\t\t\t<span>\n\t\t\t\t\t\t\t\t\t<svg aria-hidden=\"true\" class=\"e-font-icon-svg e-fas-print\" viewBox=\"0 0 512 512\" xmlns=\"http:\/\/www.w3.org\/2000\/svg\"><path d=\"M448 192V77.25c0-8.49-3.37-16.62-9.37-22.63L393.37 9.37c-6-6-14.14-9.37-22.63-9.37H96C78.33 0 64 14.33 64 32v160c-35.35 0-64 28.65-64 64v112c0 8.84 7.16 16 16 16h48v96c0 17.67 14.33 32 32 32h320c17.67 0 32-14.33 32-32v-96h48c8.84 0 16-7.16 16-16V256c0-35.35-28.65-64-64-64zm-64 256H128v-96h256v96zm0-224H128V64h192v48c0 8.84 7.16 16 16 16h48v96zm48 72c-13.25 0-24-10.75-24-24 0-13.26 10.75-24 24-24s24 10.74 24 24c0 13.25-10.75 24-24 24z\"><\/path><\/svg>\t\t\t\t\t\t\t\t<\/span>\n\t\t\t\t\t\t\t\t\n\t\t\t\t\t\t\t\tDespacho 8452-A\/2015, de 31 de Julho - Regula as condi\u00e7\u00f5es de aplica\u00e7\u00e3o das medidas de A\u00e7\u00e3o Social Escolar\n\t\t\t\t\t\t\t\t\t\t\t\t\t\t\t<\/a>\n\t\t\t\t\t\t\t\t\t\t\t\t<\/li>\n\t\t\t\t\t\t\t\t\t<\/ul>\n\t\t<\/div>\n\t\t\t\t\t\t<\/div>\n\t\t\t\t<\/div>\n\t\t\t\t\t<\/div>\n\t\t<\/div>\n\t\t\t\t\t<\/div>\n\t\t<\/section>\n\t\t\t\t<section class=\"elementor-section elementor-top-section elementor-element elementor-element-df621f1 elementor-section-boxed elementor-section-height-default elementor-section-height-default\" data-id=\"df621f1\" data-element_type=\"section\" data-e-type=\"section\">\n\t\t\t\t\t\t<div class=\"elementor-container elementor-column-gap-default\">\n\t\t\t\t\t<div class=\"elementor-column elementor-col-100 elementor-top-column elementor-element elementor-element-bd05e92\" data-id=\"bd05e92\" data-element_type=\"column\" data-e-type=\"column\">\n\t\t\t<div class=\"elementor-widget-wrap elementor-element-populated\">\n\t\t\t\t\t\t<div class=\"elementor-element elementor-element-b804c9e elementor-widget__width-auto elementor-widget thim-ekits-heading elementor-widget-thim-heading\" data-id=\"b804c9e\" data-element_type=\"widget\" data-e-type=\"widget\" data-widget_type=\"thim-heading.default\">\n\t\t\t\t<div class=\"elementor-widget-container\">\n\t\t\t\t\t<div class=\"sc_heading\"><h3 class=\"title\">\u00daltimas Not\u00edcias <\/h3><\/div>\t\t\t\t<\/div>\n\t\t\t\t<\/div>\n\t\t\t\t<div class=\"elementor-element elementor-element-4a92049 feature-one-post-no elementor-widget elementor-widget-thim-ekits-list-blog\" data-id=\"4a92049\" data-element_type=\"widget\" data-e-type=\"widget\" data-settings=\"{&quot;slidesPerGroup&quot;:12,&quot;slider_speed&quot;:2000,&quot;slider_show_pagination&quot;:&quot;bullets&quot;,&quot;slider_loop&quot;:&quot;yes&quot;,&quot;slidesPerView_tablet&quot;:2,&quot;slidesPerView&quot;:3,&quot;slidesPerView_mobile&quot;:&quot;2&quot;,&quot;spaceBetween&quot;:30,&quot;spaceBetween_mobile&quot;:&quot;15&quot;,&quot;centered_slides&quot;:&quot;no&quot;}\" data-widget_type=\"thim-ekits-list-blog.default\">\n\t\t\t\t<div class=\"elementor-widget-container\">\n\t\t\t\t\t\t\t\t<div\n\t\t\t\tclass=\"thim-slider-pagination thim-bullets\"><\/div>\n\t\t\n\t\t\t\t\t<div class=\"thim-ekits-post thim-ekits-sliders swiper-container\">\n\t\t\t\t<div class=\"swiper-wrapper\">\n\t\t\t\t\t\t\t<div class=\"thim-ekits-post__article swiper-slide post-4515 post type-post status-publish format-aside hentry category-informacao tag-concluido post_format-post-format-aside\">\n\t\t\t\t\t\t\t\n\t\t\t\t\t\t<div class=\"thim-ekits-post__content\">\n\t\t\t\t<h3 class=\"thim-ekits-post__title\">\n\t\t<a href=\"https:\/\/aeag.pt\/portal\/informacao-dezembro\/\" >\n\t\t\tInforma\u00e7\u00e3o &#8211; Dezembro\t\t<\/a>\n\t\t<\/h3>\n\t\t \t\t<div class=\"thim-ekits-post__meta elementor-repeater-item-6be84c5 m-psi-start \">\n\t\t\t\n\t\t<span class=\"thim-ekits-post__date\">\n\t\t\t\t\t\tDezembro 3, 2023\t\t<\/span>\n\n\t\t\t\t<span class=\"thim-ekits-blog__categories\">\n\t\t\t\t\t\t<a class=\"informacao\"\n\t\t\t   href=\"https:\/\/aeag.pt\/portal\/category\/informacao\/\"\n\t\t\t   title=\"Informa\u00e7\u00e3o\">\n\t\t\t\tInforma\u00e7\u00e3o\t\t\t<\/a>\n\t\t<\/span>\n\t\t\t\t<\/div>\n\n\t\t\n\t\t<div class=\"thim-ekits-post__excerpt\">\n\t\t\tInforma-se que os servi\u00e7os administrativos da Escola Dr. Francisco Gon\u00e7alves Carneiro estar\u00e3o encerrados entre os dias 18 de dezembro e...\t\t<\/div>\n\n\t\t\t\t<a class=\"thim-ekits-post__read-more\"\n\t\t   href=\"https:\/\/aeag.pt\/portal\/informacao-dezembro\/\" >\n\t\t\tLER MAIS\t\t\t\t\t<\/a>\n\t\t\t\t<\/div>\n\t\t\t\t\t\t\t<\/div>\n\t\t\t\t<div class=\"thim-ekits-post__article swiper-slide post-71 post type-post status-publish format-standard hentry category-convocatoria category-informacao tag-concluido\">\n\t\t\t\t\t\t\t\n\t\t\t\t\t\t<div class=\"thim-ekits-post__content\">\n\t\t\t\t<h3 class=\"thim-ekits-post__title\">\n\t\t<a href=\"https:\/\/aeag.pt\/portal\/convocatoria-de-assembleia-geral\/\" >\n\t\t\tAssocia\u00e7\u00e3o de Pais e Encarregados de Educa\u00e7\u00e3o Convocat\u00f3ria de Assembleia Geral\t\t<\/a>\n\t\t<\/h3>\n\t\t \t\t<div class=\"thim-ekits-post__meta elementor-repeater-item-6be84c5 m-psi-start \">\n\t\t\t\n\t\t<span class=\"thim-ekits-post__date\">\n\t\t\t\t\t\tDezembro 7, 2023\t\t<\/span>\n\n\t\t\t\t<span class=\"thim-ekits-blog__categories\">\n\t\t\t\t\t\t<a class=\"convocatoria\"\n\t\t\t   href=\"https:\/\/aeag.pt\/portal\/category\/convocatoria\/\"\n\t\t\t   title=\"Convocat\u00f3ria\">\n\t\t\t\tConvocat\u00f3ria\t\t\t<\/a>\n\t\t<\/span>\n\t\t\t\t<\/div>\n\n\t\t\n\t\t<div class=\"thim-ekits-post__excerpt\">\n\t\t\t... convoca a Assembleia Geral Ordin\u00e1ria de s\u00f3cios da A.P.E.E.A.E.A.G para o dia 21 de Dezembro de 2023 pelas 18:00...\t\t<\/div>\n\n\t\t\t\t<a class=\"thim-ekits-post__read-more\"\n\t\t   href=\"https:\/\/aeag.pt\/portal\/convocatoria-de-assembleia-geral\/\" >\n\t\t\tLER MAIS\t\t\t\t\t<\/a>\n\t\t\t\t<\/div>\n\t\t\t\t\t\t\t<\/div>\n\t\t\t\t<div class=\"thim-ekits-post__article swiper-slide post-54 post type-post status-publish format-image hentry category-concurso category-noticia tag-concluido post_format-post-format-image\">\n\t\t\t\t\t\t\t\n\t\t\t\t\t\t<div class=\"thim-ekits-post__content\">\n\t\t\t\t<h3 class=\"thim-ekits-post__title\">\n\t\t<a href=\"https:\/\/aeag.pt\/portal\/concurso-grupo-420-geografia\/\" >\n\t\t\tAviso de Abertura Concurso &#8211; Contrata\u00e7\u00e3o de Escola Ano Letivo 2023\/2024 &#8211; Grupo 420 \u2013 Geografia\t\t<\/a>\n\t\t<\/h3>\n\t\t \t\t<div class=\"thim-ekits-post__meta elementor-repeater-item-6be84c5 m-psi-start \">\n\t\t\t\n\t\t<span class=\"thim-ekits-post__date\">\n\t\t\t\t\t\tDezembro 27, 2023\t\t<\/span>\n\n\t\t\t\t<span class=\"thim-ekits-blog__categories\">\n\t\t\t\t\t\t<a class=\"concurso\"\n\t\t\t   href=\"https:\/\/aeag.pt\/portal\/category\/concurso\/\"\n\t\t\t   title=\"Concurso\">\n\t\t\t\tConcurso\t\t\t<\/a>\n\t\t<\/span>\n\t\t\t\t<\/div>\n\n\t\t\n\t\t<div class=\"thim-ekits-post__excerpt\">\n\t\t\tNos termos do estabelecido nos artigos 38\u00ba e 39\u00ba do Decreto-Lei n\u00ba. 132\/2012, de 27 de junho, com as altera\u00e7\u00f5es...\t\t<\/div>\n\n\t\t\t\t<a class=\"thim-ekits-post__read-more\"\n\t\t   href=\"https:\/\/aeag.pt\/portal\/concurso-grupo-420-geografia\/\" >\n\t\t\tLER MAIS\t\t\t\t\t<\/a>\n\t\t\t\t<\/div>\n\t\t\t\t\t\t\t<\/div>\n\t\t\t\t<div class=\"thim-ekits-post__article swiper-slide post-4518 post type-post status-publish format-image hentry category-convocatoria category-noticia tag-ativo post_format-post-format-image\">\n\t\t\t\t\t\t\t\n\t\t\t\t\t\t<div class=\"thim-ekits-post__content\">\n\t\t\t\t<h3 class=\"thim-ekits-post__title\">\n\t\t<a href=\"https:\/\/aeag.pt\/portal\/convocatoria-assembleia-geral-pais-encarregados-educacao-2024\/\" >\n\t\t\tConvocat\u00f3ria de Assembleia Geral de Pais e Encarregados de Educa\u00e7\u00e3o 2024\t\t<\/a>\n\t\t<\/h3>\n\t\t \t\t<div class=\"thim-ekits-post__meta elementor-repeater-item-6be84c5 m-psi-start \">\n\t\t\t\n\t\t<span class=\"thim-ekits-post__date\">\n\t\t\t\t\t\tJaneiro 3, 2024\t\t<\/span>\n\n\t\t\t\t<span class=\"thim-ekits-blog__categories\">\n\t\t\t\t\t\t<a class=\"convocatoria\"\n\t\t\t   href=\"https:\/\/aeag.pt\/portal\/category\/convocatoria\/\"\n\t\t\t   title=\"Convocat\u00f3ria\">\n\t\t\t\tConvocat\u00f3ria\t\t\t<\/a>\n\t\t<\/span>\n\t\t\t\t<\/div>\n\n\t\t\n\t\t<div class=\"thim-ekits-post__excerpt\">\n\t\t\tDe acordo com o artigo 14\u00ba do Decreto-Lei n\u00ba 75\/200, de 22 de Abril, convoco a Assembleia Geral de Pais...\t\t<\/div>\n\n\t\t\t\t<a class=\"thim-ekits-post__read-more\"\n\t\t   href=\"https:\/\/aeag.pt\/portal\/convocatoria-assembleia-geral-pais-encarregados-educacao-2024\/\" >\n\t\t\tLER MAIS\t\t\t\t\t<\/a>\n\t\t\t\t<\/div>\n\t\t\t\t\t\t\t<\/div>\n\t\t\t\t<div class=\"thim-ekits-post__article swiper-slide post-59 post type-post status-publish format-standard hentry category-informacao tag-ativo\">\n\t\t\t\t\t\t\t\n\t\t\t\t\t\t<div class=\"thim-ekits-post__content\">\n\t\t\t\t<h3 class=\"thim-ekits-post__title\">\n\t\t<a href=\"https:\/\/aeag.pt\/portal\/informacao\/\" >\n\t\t\tInforma\u00e7\u00e3o\t\t<\/a>\n\t\t<\/h3>\n\t\t \t\t<div class=\"thim-ekits-post__meta elementor-repeater-item-6be84c5 m-psi-start \">\n\t\t\t\n\t\t<span class=\"thim-ekits-post__date\">\n\t\t\t\t\t\tJaneiro 5, 2024\t\t<\/span>\n\n\t\t\t\t<span class=\"thim-ekits-blog__categories\">\n\t\t\t\t\t\t<a class=\"informacao\"\n\t\t\t   href=\"https:\/\/aeag.pt\/portal\/category\/informacao\/\"\n\t\t\t   title=\"Informa\u00e7\u00e3o\">\n\t\t\t\tInforma\u00e7\u00e3o\t\t\t<\/a>\n\t\t<\/span>\n\t\t\t\t<\/div>\n\n\t\t\n\t\t<div class=\"thim-ekits-post__excerpt\">\n\t\t\tInformam-se os senhores Encarregados de Educa\u00e7\u00e3o dos alunos que frequentam a escola Dr. Francisco Gon\u00e7alves Carneiro (5.\u00ba e 6.\u00ba anos)...\t\t<\/div>\n\n\t\t\t\t<a class=\"thim-ekits-post__read-more\"\n\t\t   href=\"https:\/\/aeag.pt\/portal\/informacao\/\" >\n\t\t\tLER MAIS\t\t\t\t\t<\/a>\n\t\t\t\t<\/div>\n\t\t\t\t\t\t\t<\/div>\n\t\t\t\t<div class=\"thim-ekits-post__article swiper-slide post-4516 post type-post status-publish format-standard hentry category-concurso tag-ativo\">\n\t\t\t\t\t\t\t\n\t\t\t\t\t\t<div class=\"thim-ekits-post__content\">\n\t\t\t\t<h3 class=\"thim-ekits-post__title\">\n\t\t<a href=\"https:\/\/aeag.pt\/portal\/listagem-graduada-grupo-420-geografia-concurso-contratacao-escola-ano-letivo-2023-24\/\" >\n\t\t\tListagem graduada &#8211; Grupo 420-Geografia &#8211; Concurso de Contrata\u00e7\u00e3o de Escola Ano letivo 2023\/2024\t\t<\/a>\n\t\t<\/h3>\n\t\t \t\t<div class=\"thim-ekits-post__meta elementor-repeater-item-6be84c5 m-psi-start \">\n\t\t\t\n\t\t<span class=\"thim-ekits-post__date\">\n\t\t\t\t\t\tJaneiro 9, 2024\t\t<\/span>\n\n\t\t\t\t<span class=\"thim-ekits-blog__categories\">\n\t\t\t\t\t\t<a class=\"concurso\"\n\t\t\t   href=\"https:\/\/aeag.pt\/portal\/category\/concurso\/\"\n\t\t\t   title=\"Concurso\">\n\t\t\t\tConcurso\t\t\t<\/a>\n\t\t<\/span>\n\t\t\t\t<\/div>\n\n\t\t\n\t\t<div class=\"thim-ekits-post__excerpt\">\n\t\t\tNome da Escola : Agrupamento de Escolas Dr. Ant\u00f3nio Granjo, Chaves N\u00ba Escola : 152730 Data final da candidatura :...\t\t<\/div>\n\n\t\t\t\t<a class=\"thim-ekits-post__read-more\"\n\t\t   href=\"https:\/\/aeag.pt\/portal\/listagem-graduada-grupo-420-geografia-concurso-contratacao-escola-ano-letivo-2023-24\/\" >\n\t\t\tLER MAIS\t\t\t\t\t<\/a>\n\t\t\t\t<\/div>\n\t\t\t\t\t\t\t<\/div>\n\t\t\t\t<div class=\"thim-ekits-post__article swiper-slide post-4512 post type-post status-publish format-standard hentry category-informacao tag-concluido\">\n\t\t\t\t\t\t\t\n\t\t\t\t\t\t<div class=\"thim-ekits-post__content\">\n\t\t\t\t<h3 class=\"thim-ekits-post__title\">\n\t\t<a href=\"https:\/\/aeag.pt\/portal\/the-project-harnessing-the-power-of-sport-to-change-childrens-lives\/\" >\n\t\t\tInforma\u00e7\u00e3o: Pedidos de Consulta \/ Reaprecia\u00e7\u00e3o\/ Reclama\u00e7\u00e3o  Provas Finais \/ Exames Nacionais\t\t<\/a>\n\t\t<\/h3>\n\t\t \t\t<div class=\"thim-ekits-post__meta elementor-repeater-item-6be84c5 m-psi-start \">\n\t\t\t\n\t\t<span class=\"thim-ekits-post__date\">\n\t\t\t\t\t\tJulho 7, 2024\t\t<\/span>\n\n\t\t\t\t<span class=\"thim-ekits-blog__categories\">\n\t\t\t\t\t\t<a class=\"informacao\"\n\t\t\t   href=\"https:\/\/aeag.pt\/portal\/category\/informacao\/\"\n\t\t\t   title=\"Informa\u00e7\u00e3o\">\n\t\t\t\tInforma\u00e7\u00e3o\t\t\t<\/a>\n\t\t<\/span>\n\t\t\t\t<\/div>\n\n\t\t\n\t\t<div class=\"thim-ekits-post__excerpt\">\n\t\t\t(De acordo com o disposto no Cap\u00edtulo III da Norma 02\/JNE\/2024) O encarregado de educa\u00e7\u00e3o ou o pr\u00f3prio aluno, quando...\t\t<\/div>\n\n\t\t\t\t<a class=\"thim-ekits-post__read-more\"\n\t\t   href=\"https:\/\/aeag.pt\/portal\/the-project-harnessing-the-power-of-sport-to-change-childrens-lives\/\" >\n\t\t\tLER MAIS\t\t\t\t\t<\/a>\n\t\t\t\t<\/div>\n\t\t\t\t\t\t\t<\/div>\n\t\t\t\t<div class=\"thim-ekits-post__article swiper-slide post-23374 post type-post status-publish format-standard hentry category-informacao\">\n\t\t\t\t\t\t\t\n\t\t\t\t\t\t<div class=\"thim-ekits-post__content\">\n\t\t\t\t<h3 class=\"thim-ekits-post__title\">\n\t\t<a href=\"https:\/\/aeag.pt\/portal\/despacho-n-o-8368-2024-de-25-de-julho\/\" >\n\t\t\tDespacho n.\u00ba 8368\/2024, de\u00a0\u00a025 de julho\t\t<\/a>\n\t\t<\/h3>\n\t\t \t\t<div class=\"thim-ekits-post__meta elementor-repeater-item-6be84c5 m-psi-start \">\n\t\t\t\n\t\t<span class=\"thim-ekits-post__date\">\n\t\t\t\t\t\tJulho 29, 2024\t\t<\/span>\n\n\t\t\t\t<span class=\"thim-ekits-blog__categories\">\n\t\t\t\t\t\t<a class=\"informacao\"\n\t\t\t   href=\"https:\/\/aeag.pt\/portal\/category\/informacao\/\"\n\t\t\t   title=\"Informa\u00e7\u00e3o\">\n\t\t\t\tInforma\u00e7\u00e3o\t\t\t<\/a>\n\t\t<\/span>\n\t\t\t\t<\/div>\n\n\t\t\n\t\t<div class=\"thim-ekits-post__excerpt\">\n\t\t\tSum\u00e1rio: Estabelece o calend\u00e1rio escolar relativo aos anos letivos de 2024-2025 a 2027-2028 destinado aos estabelecimentos p\u00fablicos de educa\u00e7\u00e3o pr\u00e9-escolar...\t\t<\/div>\n\n\t\t\t\t<a class=\"thim-ekits-post__read-more\"\n\t\t   href=\"https:\/\/aeag.pt\/portal\/despacho-n-o-8368-2024-de-25-de-julho\/\" >\n\t\t\tLER MAIS\t\t\t\t\t<\/a>\n\t\t\t\t<\/div>\n\t\t\t\t\t\t\t<\/div>\n\t\t\t\t\t\t<\/div>\n\t\t\t<\/div>\n\n\t\t\t\t\t\t\t<\/div>\n\t\t\t\t<\/div>\n\t\t\t\t\t<\/div>\n\t\t<\/div>\n\t\t\t\t\t<\/div>\n\t\t<\/section>\n\t\t\t\t<\/div>\n\t\t","protected":false},"excerpt":{"rendered":"<p>Servi\u00e7os de A\u00e7\u00e3o Social Escolar A A\u00e7\u00e3o Social Escolar (ASE) traduz-se num conjunto de medidas destinadas a garantir a igualdade de oportunidades de acesso e sucesso escolares a todos os alunos dos ensinos b\u00e1sico e secund\u00e1rio, e a promover medidas de apoio socioeducativo destinadas aos alunos de agregados familiares cuja &hellip; <\/p>\n","protected":false},"author":1,"featured_media":0,"parent":0,"menu_order":0,"comment_status":"closed","ping_status":"closed","template":"","meta":{"footnotes":""},"class_list":["post-11923","page","type-page","status-publish","hentry"],"_links":{"self":[{"href":"https:\/\/aeag.pt\/portal\/wp-json\/wp\/v2\/pages\/11923","targetHints":{"allow":["GET"]}}],"collection":[{"href":"https:\/\/aeag.pt\/portal\/wp-json\/wp\/v2\/pages"}],"about":[{"href":"https:\/\/aeag.pt\/portal\/wp-json\/wp\/v2\/types\/page"}],"author":[{"embeddable":true,"href":"https:\/\/aeag.pt\/portal\/wp-json\/wp\/v2\/users\/1"}],"replies":[{"embeddable":true,"href":"https:\/\/aeag.pt\/portal\/wp-json\/wp\/v2\/comments?post=11923"}],"version-history":[{"count":0,"href":"https:\/\/aeag.pt\/portal\/wp-json\/wp\/v2\/pages\/11923\/revisions"}],"wp:attachment":[{"href":"https:\/\/aeag.pt\/portal\/wp-json\/wp\/v2\/media?parent=11923"}],"curies":[{"name":"wp","href":"https:\/\/api.w.org\/{rel}","templated":true}]}}