{"id":5319,"date":"2023-06-16T04:25:51","date_gmt":"2023-06-16T03:25:51","guid":{"rendered":"http:\/\/demo.thimpress.com\/eduma\/?post_type=lpr_course&#038;p=3287"},"modified":"2025-07-09T18:47:48","modified_gmt":"2025-07-09T17:47:48","slug":"tecnico-de-jardinagem-espacos-verdes","status":"publish","type":"lp_course","link":"https:\/\/aeag.pt\/portal\/courses\/tecnico-de-jardinagem-espacos-verdes\/","title":{"rendered":"T\u00e9cnico de Jardinagem e Espa\u00e7os Verdes"},"content":{"rendered":"\t\t<div data-elementor-type=\"wp-post\" data-elementor-id=\"5319\" class=\"elementor elementor-5319\">\n\t\t\t\t\t\t<section class=\"elementor-section elementor-top-section elementor-element elementor-element-3fb403fe elementor-section-boxed elementor-section-height-default elementor-section-height-default\" data-id=\"3fb403fe\" data-element_type=\"section\" data-e-type=\"section\">\n\t\t\t\t\t\t<div class=\"elementor-container elementor-column-gap-default\">\n\t\t\t\t\t<div class=\"elementor-column elementor-col-100 elementor-top-column elementor-element elementor-element-ce9f8c2\" data-id=\"ce9f8c2\" data-element_type=\"column\" data-e-type=\"column\">\n\t\t\t<div class=\"elementor-widget-wrap elementor-element-populated\">\n\t\t\t\t\t\t<div class=\"elementor-element elementor-element-8e40d2d elementor-widget elementor-widget-thim-ekits-header-info\" data-id=\"8e40d2d\" data-element_type=\"widget\" data-e-type=\"widget\" data-widget_type=\"thim-ekits-header-info.default\">\n\t\t\t\t<div class=\"elementor-widget-container\">\n\t\t\t\t\t\t\t<div class=\"header-info-swapper\">\n\t\t\t<ul class=\"thim-header-info\">\n\t\t\t\t\t\t\t\t\t\t<li>\n\t\t\t\t\t\t\t\t\t\t\t\t\t\t\t\n\t\t\t\t\t\t\t\tDESCRI\u00c7\u00c3O DO CURSO\n\t\t\t\t\t\t\t\t\t\t\t\t\t\t<\/li>\n\t\t\t\t\t\t\t\t\t<\/ul>\n\t\t<\/div>\n\t\t\t\t\t\t<\/div>\n\t\t\t\t<\/div>\n\t\t\t\t<div class=\"elementor-element elementor-element-214aa4c elementor-widget elementor-widget-text-editor\" data-id=\"214aa4c\" data-element_type=\"widget\" data-e-type=\"widget\" data-widget_type=\"text-editor.default\">\n\t\t\t\t<div class=\"elementor-widget-container\">\n\t\t\t\t\t\t\t\t\t<p><strong>O T\u00e9cnico de Jardinagem e Espa\u00e7os Verdes<\/strong> \u00e9 um profissional qualificado capaz de orientar, organizar e realizar atividades relacionadas \u00e0 instala\u00e7\u00e3o e manuten\u00e7\u00e3o de jardins e espa\u00e7os verdes. Ele atua conforme o projeto estabelecido, seguindo as normas de seguran\u00e7a, higiene e sa\u00fade no trabalho agr\u00edcola, al\u00e9m de cuidar da preserva\u00e7\u00e3o ambiental.<\/p>\t\t\t\t\t\t\t\t<\/div>\n\t\t\t\t<\/div>\n\t\t\t\t<div class=\"elementor-element elementor-element-594c11e elementor-widget elementor-widget-thim-ekits-header-info\" data-id=\"594c11e\" data-element_type=\"widget\" data-e-type=\"widget\" data-widget_type=\"thim-ekits-header-info.default\">\n\t\t\t\t<div class=\"elementor-widget-container\">\n\t\t\t\t\t\t\t<div class=\"header-info-swapper\">\n\t\t\t<ul class=\"thim-header-info\">\n\t\t\t\t\t\t\t\t\t\t<li>\n\t\t\t\t\t\t\t\t\t\t\t\t\t\t\t\n\t\t\t\t\t\t\t\tCERTIFICA\u00c7\u00c3O\n\t\t\t\t\t\t\t\t\t\t\t\t\t\t<\/li>\n\t\t\t\t\t\t\t\t\t<\/ul>\n\t\t<\/div>\n\t\t\t\t\t\t<\/div>\n\t\t\t\t<\/div>\n\t\t\t\t<div class=\"elementor-element elementor-element-af116fa elementor-widget elementor-widget-text-editor\" data-id=\"af116fa\" data-element_type=\"widget\" data-e-type=\"widget\" data-widget_type=\"text-editor.default\">\n\t\t\t\t<div class=\"elementor-widget-container\">\n\t\t\t\t\t\t\t\t\t<ul><li data-leveltext=\"\uf0b7\" data-font=\"Symbol\" data-listid=\"6\" aria-setsize=\"-1\" data-aria-posinset=\"3\" data-aria-level=\"1\"><b><span data-contrast=\"auto\">Certifica\u00e7\u00e3o profissional:<\/span><\/b><span data-contrast=\"auto\">\u00a0Qualifica\u00e7\u00e3o Profissional de n\u00edvel 4.<\/span><span data-ccp-props=\"{&quot;134233117&quot;:true,&quot;134233118&quot;:true,&quot;201341983&quot;:0,&quot;335551550&quot;:6,&quot;335551620&quot;:6,&quot;335559739&quot;:160,&quot;335559740&quot;:240}\">\u00a0<\/span><\/li><li data-leveltext=\"\uf0b7\" data-font=\"Symbol\" data-listid=\"6\" aria-setsize=\"-1\" data-aria-posinset=\"4\" data-aria-level=\"1\"><b><span data-contrast=\"auto\">Habilita\u00e7\u00e3o para obten\u00e7\u00e3o do cart\u00e3o de aplicador, permitindo a compra e aplica\u00e7\u00e3o de produtos fitofarmac\u00eauticos<\/span><\/b><span data-contrast=\"auto\">, no \u00e2mbito da Lei n.\u00ba 26\/2013, de 11\/04 e do Despacho n.\u00ba 666\/2015, de 16\/01 (UFCD 6281 e de acordo com o Minist\u00e9rio da Agricultura, Florestas e Desenvolvimento Rural).<\/span><\/li><li data-leveltext=\"\uf0b7\" data-font=\"Symbol\" data-listid=\"6\" aria-setsize=\"-1\" data-aria-posinset=\"1\" data-aria-level=\"1\"><b><span data-contrast=\"auto\">Certifica\u00e7\u00e3o escolar:\u00a0<\/span><\/b><span data-contrast=\"auto\">Diploma de Estudos Secund\u00e1rios (12\u00ba ano) e acesso a uma profiss\u00e3o\/atividade profissional regulamentada.<\/span><span data-ccp-props=\"{&quot;134233117&quot;:true,&quot;134233118&quot;:true,&quot;201341983&quot;:0,&quot;335551550&quot;:6,&quot;335551620&quot;:6,&quot;335559739&quot;:160,&quot;335559740&quot;:240}\">\u00a0<\/span><\/li><li data-leveltext=\"\uf0b7\" data-font=\"Symbol\" data-listid=\"6\" aria-setsize=\"-1\" data-aria-posinset=\"2\" data-aria-level=\"1\"><b><span data-contrast=\"auto\">Acesso ao Ensino Superior:\u00a0<\/span><\/b><span data-contrast=\"auto\">Cursos T\u00e9cnicos Superiores Profissionais (de acordo com as normas de cada Institui\u00e7\u00e3o); Licenciatura (com realiza\u00e7\u00e3o de exame nacional como prova espec\u00edfica).<\/span><span data-ccp-props=\"{&quot;134233117&quot;:true,&quot;134233118&quot;:true,&quot;201341983&quot;:0,&quot;335551550&quot;:6,&quot;335551620&quot;:6,&quot;335559739&quot;:160,&quot;335559740&quot;:240}\">\u00a0<\/span><\/li><\/ul><p><\/p><\/div><\/div><\/div><\/div><\/div><\/section><\/div> <a href=\"https:\/\/aeag.pt\/portal\/courses\/tecnico-de-jardinagem-espacos-verdes\/#more-5319\" class=\"more-link elementor-more-link\"><span aria-label=\"Continue a ler T\u00e9cnico de Jardinagem e Espa\u00e7os Verdes\">(mais&hellip;)<\/span><\/a>","protected":false},"excerpt":{"rendered":"<p>O T\u00e9cnico de Jardinagem e Espa\u00e7os Verdes \u00e9 um profissional qualificado capaz de orientar, organizar e realizar atividades relacionadas \u00e0 instala\u00e7\u00e3o e manuten\u00e7\u00e3o de jardins e espa\u00e7os verdes. Ele atua conforme o projeto estabelecido, seguindo as normas de seguran\u00e7a, higiene e sa\u00fade no trabalho agr\u00edcola, al\u00e9m de cuidar da preserva\u00e7\u00e3o ambiental.<\/p>\n","protected":false},"author":1,"featured_media":21395,"comment_status":"closed","ping_status":"closed","template":"","course_category":[58],"course_tag":[],"class_list":["post-5319","lp_course","type-lp_course","status-publish","has-post-thumbnail","hentry","course_category-cursos-profissionais","course"],"_links":{"self":[{"href":"https:\/\/aeag.pt\/portal\/wp-json\/wp\/v2\/lp_course\/5319","targetHints":{"allow":["GET"]}}],"collection":[{"href":"https:\/\/aeag.pt\/portal\/wp-json\/wp\/v2\/lp_course"}],"about":[{"href":"https:\/\/aeag.pt\/portal\/wp-json\/wp\/v2\/types\/lp_course"}],"author":[{"embeddable":true,"href":"https:\/\/aeag.pt\/portal\/wp-json\/wp\/v2\/users\/1"}],"replies":[{"embeddable":true,"href":"https:\/\/aeag.pt\/portal\/wp-json\/wp\/v2\/comments?post=5319"}],"version-history":[{"count":1,"href":"https:\/\/aeag.pt\/portal\/wp-json\/wp\/v2\/lp_course\/5319\/revisions"}],"predecessor-version":[{"id":29308,"href":"https:\/\/aeag.pt\/portal\/wp-json\/wp\/v2\/lp_course\/5319\/revisions\/29308"}],"wp:featuredmedia":[{"embeddable":true,"href":"https:\/\/aeag.pt\/portal\/wp-json\/wp\/v2\/media\/21395"}],"wp:attachment":[{"href":"https:\/\/aeag.pt\/portal\/wp-json\/wp\/v2\/media?parent=5319"}],"wp:term":[{"taxonomy":"course_category","embeddable":true,"href":"https:\/\/aeag.pt\/portal\/wp-json\/wp\/v2\/course_category?post=5319"},{"taxonomy":"course_tag","embeddable":true,"href":"https:\/\/aeag.pt\/portal\/wp-json\/wp\/v2\/course_tag?post=5319"}],"curies":[{"name":"wp","href":"https:\/\/api.w.org\/{rel}","templated":true}]}}